{"id":69,"date":"2025-05-01T10:41:36","date_gmt":"2025-05-01T08:41:36","guid":{"rendered":"https:\/\/missionconclave.com\/es\/?page_id=69"},"modified":"2025-05-01T10:41:36","modified_gmt":"2025-05-01T08:41:36","slug":"fioretti","status":"publish","type":"page","link":"https:\/\/missionconclave.com\/es\/fioretti\/","title":{"rendered":"Fioretti"},"content":{"rendered":"<p><img loading=\"lazy\" decoding=\"async\" class=\" wp-image-70 alignleft\" src=\"https:\/\/missionconclave.com\/es\/wp-content\/uploads\/2025\/05\/Fumeeblanche-768x768-1-500x500.jpg\" alt=\"\" width=\"311\" height=\"311\" srcset=\"https:\/\/missionconclave.com\/es\/wp-content\/uploads\/2025\/05\/Fumeeblanche-768x768-1-500x500.jpg 500w, https:\/\/missionconclave.com\/es\/wp-content\/uploads\/2025\/05\/Fumeeblanche-768x768-1-300x300.jpg 300w, https:\/\/missionconclave.com\/es\/wp-content\/uploads\/2025\/05\/Fumeeblanche-768x768-1-150x150.jpg 150w, https:\/\/missionconclave.com\/es\/wp-content\/uploads\/2025\/05\/Fumeeblanche-768x768-1-75x75.jpg 75w, https:\/\/missionconclave.com\/es\/wp-content\/uploads\/2025\/05\/Fumeeblanche-768x768-1-480x480.jpg 480w, https:\/\/missionconclave.com\/es\/wp-content\/uploads\/2025\/05\/Fumeeblanche-768x768-1.jpg 768w\" sizes=\"auto, (max-width:767px) 311px, 311px\" \/>Algunos fioretti del anterior c\u00f3nclave de la Misi\u00f3n, en 2013, que condujo a la elecci\u00f3n del Papa Francisco.<\/p>\n<p>En 2013, tras la dimisi\u00f3n de Benedicto XVI, me di cuenta de que la elecci\u00f3n de un Papa, si era el resultado de una votaci\u00f3n humana, la de los cardenales, deb\u00eda m\u00e1s que ninguna otra elecci\u00f3n estar inspirada por el Esp\u00edritu Santo. Cuando vi en Internet que se pod\u00eda recibir el nombre de uno de los cardenales con el fin de rezar para que el Esp\u00edritu Santo le iluminara en su votaci\u00f3n, ped\u00ed inmediatamente participar en estas oraciones. Recib\u00ed el nombre de un cardenal, un argentino, Jos\u00e9 Bergoglio. Lo busqu\u00e9 y rec\u00e9. El 13 de marzo de 2013, mi hija, que trabajaba en su cuarto de servicio en la calle Montparnasse de Par\u00eds, me llam\u00f3: \u00abMam\u00e1, tenemos un nuevo Papa: todas las campanas de las iglesias a mi alrededor est\u00e1n sonando\u00bb. Encend\u00ed la radio y poco despu\u00e9s supe que el cardenal que hab\u00eda confiado al Esp\u00edritu Santo hab\u00eda sido elegido. Gran emoci\u00f3n, y una oraci\u00f3n de acci\u00f3n de gracias. Durante los doce a\u00f1os que siguieron, tuve la sensaci\u00f3n de que la elecci\u00f3n de este Papa era algo muy bueno para la Iglesia y para el mundo, \u00a1as\u00ed que estoy lista para empezar a rezar de nuevo por un cardenal!<\/p>\n<p style=\"text-align: right;\">Anne-Claude<\/p>\n<p>&nbsp;<\/p>\n<p>\u00abCada uno de nosotros recibi\u00f3 a un cardenal en la oraci\u00f3n. Entramos en Internet para ver su foto e informarnos sobre su pa\u00eds. Yo recib\u00ed al cardenal Bergoglio, de Argentina. Rec\u00e9 para que fuera elegido Papa, aunque mis padres siempre me dec\u00edan: \u00abNo, s\u00f3lo tienes que rezar para apoyarle en su votaci\u00f3n\u00bb. A \u00faltima hora de la tarde del 13 de marzo, mientras esper\u00e1bamos la fumata, dije: \u00ab\u00a1La fumata ser\u00e1 blanca y ser\u00e1 el cardenal Bergoglio! Pap\u00e1 respondi\u00f3: \u00ab\u00a1No, Th\u00e9r\u00e8se, no sue\u00f1es! A las 19.06, sali\u00f3 el humo blanco. Se oy\u00f3 el nombre del cardenal que se hab\u00eda convertido en Papa y yo grit\u00e9: \u00ab\u00a1Es el m\u00edo! \u00a1Es mi cardenal de Buenos Aires! Mi abuela, que estaba all\u00ed esa noche, mir\u00f3 a mi padre asombrada y dijo: \u00ab\u00bfC\u00f3mo sabe tu hija el nombre de este cardenal? \u00a1La Misi\u00f3n C\u00f3nclave fue genial!<\/p>\n<p style=\"text-align: right;\">Th\u00e9r\u00e8se, 11 a\u00f1os y minusv\u00e1lida grave<\/p>\n<p>&nbsp;<\/p>\n","protected":false},"excerpt":{"rendered":"<p>Algunos fioretti del anterior c\u00f3nclave de la Misi\u00f3n, en 2013, que condujo a la elecci\u00f3n del Papa Francisco. En 2013, tras la dimisi\u00f3n de Benedicto XVI,<span class=\"excerpt-hellip\"> [\u2026]<\/span><\/p>\n","protected":false},"author":1,"featured_media":-1,"parent":0,"menu_order":0,"comment_status":"closed","ping_status":"closed","template":"","meta":{"_monsterinsights_skip_tracking":false,"_monsterinsights_sitenote_active":false,"_monsterinsights_sitenote_note":"","_monsterinsights_sitenote_category":0,"_uf_show_specific_survey":0,"_uf_disable_surveys":false,"footnotes":""},"class_list":["post-69","page","type-page","status-publish","has-post-thumbnail","hentry"],"yoast_head":"<!-- This site is optimized with the Yoast SEO plugin v25.0 - https:\/\/yoast.com\/wordpress\/plugins\/seo\/ -->\n<title>Fioretti - Misi\u00f3n c\u00f3nclave<\/title>\n<meta name=\"robots\" content=\"index, follow, max-snippet:-1, max-image-preview:large, max-video-preview:-1\" \/>\n<link rel=\"canonical\" href=\"https:\/\/missionconclave.com\/es\/fioretti\/\" \/>\n<meta property=\"og:locale\" content=\"fr_FR\" \/>\n<meta property=\"og:type\" content=\"article\" \/>\n<meta property=\"og:title\" content=\"Fioretti - Misi\u00f3n c\u00f3nclave\" \/>\n<meta property=\"og:description\" content=\"Algunos fioretti del anterior c\u00f3nclave de la Misi\u00f3n, en 2013, que condujo a la elecci\u00f3n del Papa Francisco. En 2013, tras la dimisi\u00f3n de Benedicto XVI, [\u2026]\" \/>\n<meta property=\"og:url\" content=\"https:\/\/missionconclave.com\/es\/fioretti\/\" \/>\n<meta property=\"og:site_name\" content=\"Misi\u00f3n c\u00f3nclave\" \/>\n<meta name=\"twitter:card\" content=\"summary_large_image\" \/>\n<meta name=\"twitter:label1\" content=\"Dur\u00e9e de lecture estim\u00e9e\" \/>\n\t<meta name=\"twitter:data1\" content=\"3 minutes\" \/>\n<script type=\"application\/ld+json\" class=\"yoast-schema-graph\">{\"@context\":\"https:\/\/schema.org\",\"@graph\":[{\"@type\":\"WebPage\",\"@id\":\"https:\/\/missionconclave.com\/es\/fioretti\/\",\"url\":\"https:\/\/missionconclave.com\/es\/fioretti\/\",\"name\":\"Fioretti - Misi\u00f3n c\u00f3nclave\",\"isPartOf\":{\"@id\":\"https:\/\/missionconclave.com\/es\/#website\"},\"primaryImageOfPage\":{\"@id\":\"https:\/\/missionconclave.com\/es\/fioretti\/#primaryimage\"},\"image\":{\"@id\":\"https:\/\/missionconclave.com\/es\/fioretti\/#primaryimage\"},\"thumbnailUrl\":\"https:\/\/missionconclave.com\/es\/wp-content\/uploads\/2025\/05\/Fumeeblanche-768x768-1-500x500.jpg\",\"datePublished\":\"2025-05-01T08:41:36+00:00\",\"breadcrumb\":{\"@id\":\"https:\/\/missionconclave.com\/es\/fioretti\/#breadcrumb\"},\"inLanguage\":\"fr-FR\",\"potentialAction\":[{\"@type\":\"ReadAction\",\"target\":[\"https:\/\/missionconclave.com\/es\/fioretti\/\"]}]},{\"@type\":\"ImageObject\",\"inLanguage\":\"fr-FR\",\"@id\":\"https:\/\/missionconclave.com\/es\/fioretti\/#primaryimage\",\"url\":\"https:\/\/missionconclave.com\/es\/wp-content\/uploads\/2025\/05\/Fumeeblanche-768x768-1.jpg\",\"contentUrl\":\"https:\/\/missionconclave.com\/es\/wp-content\/uploads\/2025\/05\/Fumeeblanche-768x768-1.jpg\",\"width\":768,\"height\":768},{\"@type\":\"BreadcrumbList\",\"@id\":\"https:\/\/missionconclave.com\/es\/fioretti\/#breadcrumb\",\"itemListElement\":[{\"@type\":\"ListItem\",\"position\":1,\"name\":\"Accueil\",\"item\":\"https:\/\/missionconclave.com\/es\/\"},{\"@type\":\"ListItem\",\"position\":2,\"name\":\"Fioretti\"}]},{\"@type\":\"WebSite\",\"@id\":\"https:\/\/missionconclave.com\/es\/#website\",\"url\":\"https:\/\/missionconclave.com\/es\/\",\"name\":\"Misi\u00f3n c\u00f3nclave\",\"description\":\"Reciba el nombre de un cardenal y rece por \u00e9l\",\"potentialAction\":[{\"@type\":\"SearchAction\",\"target\":{\"@type\":\"EntryPoint\",\"urlTemplate\":\"https:\/\/missionconclave.com\/es\/?s={search_term_string}\"},\"query-input\":{\"@type\":\"PropertyValueSpecification\",\"valueRequired\":true,\"valueName\":\"search_term_string\"}}],\"inLanguage\":\"fr-FR\"}]}<\/script>\n<!-- \/ Yoast SEO plugin. -->","yoast_head_json":{"title":"Fioretti - Misi\u00f3n c\u00f3nclave","robots":{"index":"index","follow":"follow","max-snippet":"max-snippet:-1","max-image-preview":"max-image-preview:large","max-video-preview":"max-video-preview:-1"},"canonical":"https:\/\/missionconclave.com\/es\/fioretti\/","og_locale":"fr_FR","og_type":"article","og_title":"Fioretti - Misi\u00f3n c\u00f3nclave","og_description":"Algunos fioretti del anterior c\u00f3nclave de la Misi\u00f3n, en 2013, que condujo a la elecci\u00f3n del Papa Francisco. En 2013, tras la dimisi\u00f3n de Benedicto XVI, [\u2026]","og_url":"https:\/\/missionconclave.com\/es\/fioretti\/","og_site_name":"Misi\u00f3n c\u00f3nclave","twitter_card":"summary_large_image","twitter_misc":{"Dur\u00e9e de lecture estim\u00e9e":"3 minutes"},"schema":{"@context":"https:\/\/schema.org","@graph":[{"@type":"WebPage","@id":"https:\/\/missionconclave.com\/es\/fioretti\/","url":"https:\/\/missionconclave.com\/es\/fioretti\/","name":"Fioretti - Misi\u00f3n c\u00f3nclave","isPartOf":{"@id":"https:\/\/missionconclave.com\/es\/#website"},"primaryImageOfPage":{"@id":"https:\/\/missionconclave.com\/es\/fioretti\/#primaryimage"},"image":{"@id":"https:\/\/missionconclave.com\/es\/fioretti\/#primaryimage"},"thumbnailUrl":"https:\/\/missionconclave.com\/es\/wp-content\/uploads\/2025\/05\/Fumeeblanche-768x768-1-500x500.jpg","datePublished":"2025-05-01T08:41:36+00:00","breadcrumb":{"@id":"https:\/\/missionconclave.com\/es\/fioretti\/#breadcrumb"},"inLanguage":"fr-FR","potentialAction":[{"@type":"ReadAction","target":["https:\/\/missionconclave.com\/es\/fioretti\/"]}]},{"@type":"ImageObject","inLanguage":"fr-FR","@id":"https:\/\/missionconclave.com\/es\/fioretti\/#primaryimage","url":"https:\/\/missionconclave.com\/es\/wp-content\/uploads\/2025\/05\/Fumeeblanche-768x768-1.jpg","contentUrl":"https:\/\/missionconclave.com\/es\/wp-content\/uploads\/2025\/05\/Fumeeblanche-768x768-1.jpg","width":768,"height":768},{"@type":"BreadcrumbList","@id":"https:\/\/missionconclave.com\/es\/fioretti\/#breadcrumb","itemListElement":[{"@type":"ListItem","position":1,"name":"Accueil","item":"https:\/\/missionconclave.com\/es\/"},{"@type":"ListItem","position":2,"name":"Fioretti"}]},{"@type":"WebSite","@id":"https:\/\/missionconclave.com\/es\/#website","url":"https:\/\/missionconclave.com\/es\/","name":"Misi\u00f3n c\u00f3nclave","description":"Reciba el nombre de un cardenal y rece por \u00e9l","potentialAction":[{"@type":"SearchAction","target":{"@type":"EntryPoint","urlTemplate":"https:\/\/missionconclave.com\/es\/?s={search_term_string}"},"query-input":{"@type":"PropertyValueSpecification","valueRequired":true,"valueName":"search_term_string"}}],"inLanguage":"fr-FR"}]}},"_links":{"self":[{"href":"https:\/\/missionconclave.com\/es\/wp-json\/wp\/v2\/pages\/69","targetHints":{"allow":["GET"]}}],"collection":[{"href":"https:\/\/missionconclave.com\/es\/wp-json\/wp\/v2\/pages"}],"about":[{"href":"https:\/\/missionconclave.com\/es\/wp-json\/wp\/v2\/types\/page"}],"author":[{"embeddable":true,"href":"https:\/\/missionconclave.com\/es\/wp-json\/wp\/v2\/users\/1"}],"replies":[{"embeddable":true,"href":"https:\/\/missionconclave.com\/es\/wp-json\/wp\/v2\/comments?post=69"}],"version-history":[{"count":1,"href":"https:\/\/missionconclave.com\/es\/wp-json\/wp\/v2\/pages\/69\/revisions"}],"predecessor-version":[{"id":71,"href":"https:\/\/missionconclave.com\/es\/wp-json\/wp\/v2\/pages\/69\/revisions\/71"}],"wp:featuredmedia":[{"embeddable":true,"href":"https:\/\/missionconclave.com\/es\/wp-json\/"}],"wp:attachment":[{"href":"https:\/\/missionconclave.com\/es\/wp-json\/wp\/v2\/media?parent=69"}],"curies":[{"name":"wp","href":"https:\/\/api.w.org\/{rel}","templated":true}]}}